{"id":663,"date":"2025-01-29T14:04:29","date_gmt":"2025-01-29T13:04:29","guid":{"rendered":"https:\/\/pablomonterollano.con2webs.es\/politica-de-privacidad\/"},"modified":"2025-03-24T08:42:22","modified_gmt":"2025-03-24T07:42:22","slug":"datenschutzpolitik","status":"publish","type":"page","link":"https:\/\/pablomonterollano.com\/de\/datenschutzpolitik\/","title":{"rendered":"Datenschutzpolitik"},"content":{"rendered":"<style>.kb-row-layout-id663_3ffe82-db > .kt-row-column-wrap{align-content:start;}:where(.kb-row-layout-id663_3ffe82-db > .kt-row-column-wrap) > .wp-block-kadence-column{justify-content:start;}.kb-row-layout-id663_3ffe82-db > .kt-row-column-wrap{column-gap:var(--global-kb-gap-md, 2rem);row-gap:var(--global-kb-gap-md, 2rem);max-width:var( --global-content-width, 1290px );padding-left:var(--global-content-edge-padding);padding-right:var(--global-content-edge-padding);padding-top:var(--global-kb-spacing-sm, 1.5rem);padding-bottom:var(--global-kb-spacing-sm, 1.5rem);grid-template-columns:minmax(0, 1fr);}.kb-row-layout-id663_3ffe82-db > .kt-row-layout-overlay{opacity:0.30;}@media all and (max-width: 1024px){.kb-row-layout-id663_3ffe82-db > .kt-row-column-wrap{grid-template-columns:minmax(0, 1fr);}}@media all and (max-width: 767px){.kb-row-layout-id663_3ffe82-db > .kt-row-column-wrap{grid-template-columns:minmax(0, 1fr);}}<\/style><div class=\"kb-row-layout-wrap kb-row-layout-id663_3ffe82-db alignnone wp-block-kadence-rowlayout\"><div class=\"kt-row-column-wrap kt-has-1-columns kt-row-layout-equal kt-tab-layout-inherit kt-mobile-layout-row kt-row-valign-top kb-theme-content-width\">\n<style>.kadence-column663_4757e3-e4 > .kt-inside-inner-col,.kadence-column663_4757e3-e4 > .kt-inside-inner-col:before{border-top-left-radius:0px;border-top-right-radius:0px;border-bottom-right-radius:0px;border-bottom-left-radius:0px;}.kadence-column663_4757e3-e4 > .kt-inside-inner-col{column-gap:var(--global-kb-gap-sm, 1rem);}.kadence-column663_4757e3-e4 > .kt-inside-inner-col{flex-direction:column;}.kadence-column663_4757e3-e4 > .kt-inside-inner-col > .aligncenter{width:100%;}.kadence-column663_4757e3-e4 > .kt-inside-inner-col:before{opacity:0.3;}.kadence-column663_4757e3-e4{position:relative;}@media all and (max-width: 1024px){.kadence-column663_4757e3-e4 > .kt-inside-inner-col{flex-direction:column;justify-content:center;}}@media all and (max-width: 767px){.kadence-column663_4757e3-e4 > .kt-inside-inner-col{flex-direction:column;justify-content:center;}}<\/style>\n<div class=\"wp-block-kadence-column kadence-column663_4757e3-e4\"><div class=\"kt-inside-inner-col\">\n<p>In dieser Richtlinie wird dargelegt, wie wir die pers\u00f6nlichen Daten aller Personen, die \u00fcber diese Website mit Pablo Montero Llano in Kontakt treten, behandeln und sch\u00fctzen werden. Sie sollten alle Abschnitte des rechtlichen Hinweises, die Cookie-Richtlinie, falls zutreffend, und diese Datenschutzrichtlinie lesen, bevor Sie diese Website nutzen.<\/p>\n\n\n\n<p>In \u00dcbereinstimmung mit den Bestimmungen der Verordnung (EU) 2016\/679 des Europ\u00e4ischen Parlaments und des Rates vom 27. April 2016 (GDPR) und das Organgesetz 3\/2018 vom 5. Dezember \u00fcber den Schutz personenbezogener Daten und die Gew\u00e4hrleistung digitaler Rechte informiert Pablo Montero Llano Sie dar\u00fcber, dass Sie durch die Annahme dieser Datenschutzrichtlinie Ihre ausdr\u00fcckliche, informierte, freie und eindeutige Zustimmung zur Verarbeitung der von Ihnen bereitgestellten Daten durch Pablo Montero Llano erteilen, auf die die in der geltenden Gesetzgebung vorgesehenen technischen und organisatorischen Sicherheitsma\u00dfnahmen angewendet werden, Sie erkl\u00e4ren sich ausdr\u00fccklich, in Kenntnis der Sachlage, frei und unmissverst\u00e4ndlich damit einverstanden, dass die von Ihnen bereitgestellten Daten, auf die die in den geltenden Rechtsvorschriften vorgesehenen technischen und organisatorischen Sicherheitsma\u00dfnahmen angewandt werden, von Pablo Montero Llano als Inhaber der Datenverarbeitung verarbeitet werden.<\/p>\n\n\n\n<p>Die pers\u00f6nlichen Daten, die wir \u00fcber www.pablomonterollano.com direkt vom Interessenten erheben k\u00f6nnen, werden vertraulich behandelt und in die entsprechende Verarbeitungst\u00e4tigkeit von Pablo Montero Llano einbezogen.<\/p>\n\n\n\n<h2 class=\"wp-block-heading\">WELCHE PERSONENBEZOGENE DATEN WERDEN AUF DIESER WEBSITE ERFASST?<\/h2>\n\n\n\n<p>Zu den in dieser Datenschutzerkl\u00e4rung genannten Zwecken sammelt und verarbeitet Pablo Montero Llano die nachstehend aufgef\u00fchrten personenbezogenen Daten, die von den verschiedenen auf dieser Website angeforderten Produkten oder Dienstleistungen abh\u00e4ngen:<\/p>\n\n\n\n<ul class=\"wp-block-list\">\n<li>Identifizierungsdaten: Name, Nachname, Vorname.<\/li>\n\n\n\n<li>Kontaktinformationen: Postanschrift, E-Mail-Adresse, Mobiltelefonnummer.<\/li>\n\n\n\n<li>Vertragsdaten: Daten \u00fcber vertragliche Transaktionen, DNI, erworbene Produkte und Dienstleistungen, finanzielle Transaktionen, Zahlungsdaten.<\/li>\n\n\n\n<li>Browsing-Daten: IP-Adresse, Art und Identifikation des Ger\u00e4ts, Art des Browsers, Domain, \u00fcber die Sie auf die Website zugreifen, Browsing-Daten, Aktivit\u00e4t auf der Website.<\/li>\n<\/ul>\n\n\n\n<h2 class=\"wp-block-heading\">AUF WELCHER RECHTSGRUNDLAGE WERDEN DIESE DATEN VERARBEITET?<\/h2>\n\n\n\n<p>Wir verarbeiten Ihre personenbezogenen Daten auf den folgenden Rechtsgrundlagen:<\/p>\n\n\n\n<p>Der Abschluss eines Vertrags mit Pablo Montero Llano \u00fcber die Vergabe von Dienstleistungen und\/oder Produkte und die Verwaltung der angeforderten Dienstleistungen.\u00a0<\/p>\n\n\n\n<p>Die Zustimmung des Nutzers in Bezug auf die Kontaktaufnahme, das Abonnement von Inhalten und die Zusendung von kommerziellen Mitteilungen \u00fcber E-Mail, Cookies oder Nachrichtensysteme.\u00a0<\/p>\n\n\n\n<p>Das berechtigte Interesse des f\u00fcr die Datenverarbeitung Verantwortlichen, die Nutzer der Website von Pablo Montero Llano vor Missbrauch und Betrug bei der Nutzung unserer Dienste zu sch\u00fctzen.<\/p>\n\n\n\n<h2 class=\"wp-block-heading\">ZU WELCHEM ZWECK VERARBEITEN WIR IHRE DATEN?<\/h2>\n\n\n\n<p>Auf dieser Website kann es verschiedene Formulare geben. In jedem dieser Formulare werden die von Ihnen erfassten Informationen auf folgende Weise verwendet:<\/p>\n\n\n\n<p>Formulare f\u00fcr das Abonnement von Inhalten: Die angegebenen Daten werden ausschlie\u00dflich dazu verwendet, das Abonnement zu aktivieren, den Newsletter zu versenden und Sie \u00fcber Neuigkeiten und Sonderangebote zu informieren, die ausschlie\u00dflich f\u00fcr unsere Abonnenten bestimmt sind.<\/p>\n\n\n\n<p>Kommentarformular: Die pers\u00f6nlichen Daten, die in das Formular eingegeben werden, um diese Kommentare einzugeben, werden ausschlie\u00dflich zur Moderation und Ver\u00f6ffentlichung verwendet.<\/p>\n\n\n\n<p>Kontaktformular: In den Formularen f\u00fcr Anfragen, Anregungen oder berufliche Kontakte wird die E-Mail-Adresse verwendet, um diese zu beantworten und die vom Nutzer gew\u00fcnschten Informationen \u00fcber die Website zu versenden.<\/p>\n\n\n\n<p>Anmeldeformular: In diesem Fall bitten wir Sie um Ihre pers\u00f6nlichen Daten, damit Sie ein Konto in unserem System anlegen und auf dessen Funktionen zugreifen k\u00f6nnen.<\/p>\n\n\n\n<p>Verkaufsformular: Wir verarbeiten Ihre Daten, um den Kauf unserer Produkte und\/oder Dienstleistungen zu verwalten, einschlie\u00dflich der Verwaltung der Bestellung, der Zahlung und aller Vorg\u00e4nge im Zusammenhang mit dem Abschluss des Vertrags \u00fcber die gew\u00e4hlte Dienstleistung oder das Produkt. Dazu geh\u00f6rt das Versenden von Follow-up-E-Mails, Antworten, Rechnungen, Quittungen usw.<\/p>\n\n\n\n<h2 class=\"wp-block-heading\">AUFBEWAHRUNGSFRIST F\u00dcR PERSONENBEZOGENE DATEN<\/h2>\n\n\n\n<p>Die zur Verf\u00fcgung gestellten personenbezogenen Daten werden so lange wie m\u00f6glich aufbewahrt, wobei die Gr\u00fcnde, aus denen die Datenverarbeitung erforderlich ist, sowie gesetzliche Verpflichtungen zur Aufbewahrung der Daten f\u00fcr einen bestimmten Zeitraum ber\u00fccksichtigt werden, wie z. B. arbeits-, steuer- oder betrugsbek\u00e4mpfungsrechtliche Vorschriften, die die Aufbewahrung personenbezogener Daten f\u00fcr einen bestimmten Zeitraum vorschreiben, oder solange die betroffene Person ihre Einwilligung nicht widerruft.<\/p>\n\n\n\n<p>Anschlie\u00dfend werden die Daten gem\u00e4\u00df den Datenschutzbestimmungen gel\u00f6scht, was bedeutet, dass sie gesperrt werden und nur auf Anfrage von Richtern und Gerichten, der Staatsanwaltschaft oder den zust\u00e4ndigen \u00f6ffentlichen Verwaltungen w\u00e4hrend der Verj\u00e4hrungsfrist f\u00fcr eventuelle Klagen zur Verf\u00fcgung stehen und nach Ablauf dieser Frist vollst\u00e4ndig gel\u00f6scht werden.<\/p>\n\n\n\n<p>Daten des Kunden: Die Dauer der Aufbewahrung der personenbezogenen Daten h\u00e4ngt von der vom Kunden beauftragten Dienstleistung ab. In jedem Fall wird es das notwendige Minimum sein, und kann bis gehalten werden:<\/p>\n\n\n\n<p>4 Jahre: Art. 66 ff. Ley General Tributaria (Rechnungsb\u00fccher&#8230;).<\/p>\n\n\n\n<p>5 Jahre: Art. 1964 des Zivilgesetzbuchs (pers\u00f6nliche Klagen ohne besondere Frist). &#8211; 6 Jahre: Art. 30 des Handelsgesetzbuchs (Gesch\u00e4ftsb\u00fccher, Rechnungen, usw.).<\/p>\n\n\n\n<p>10 Jahre: Art. 25 des Gesetzes zur Verhinderung von Geldw\u00e4sche und Terrorismusfinanzierung. Abonnenten- oder Registrierungsdaten: Von dem Zeitpunkt an, an dem der Nutzer seine Zustimmung erteilt, bis zu seinem Widerruf.<\/p>\n\n\n\n<h2 class=\"wp-block-heading\">WELCHE RECHTE HABEN SIE IN BEZUG AUF DIE VERWENDUNG IHRER DATEN?<\/h2>\n\n\n\n<p>Jede Person hat das Recht, eine Best\u00e4tigung dar\u00fcber zu erhalten, ob Pablo Montero Llano sie betreffende personenbezogene Daten verarbeitet oder nicht.<\/p>\n\n\n\n<p>Interessierte Personen haben das Recht auf:<\/p>\n\n\n\n<ul class=\"wp-block-list\">\n<li>Antrag auf Auskunft \u00fcber die personenbezogenen Daten der betroffenen Person.<\/li>\n\n\n\n<li>die Berichtigung oder L\u00f6schung der Daten zu verlangen.\u00a0<\/li>\n\n\n\n<li>Beantragen Sie seine L\u00f6schung.<\/li>\n\n\n\n<li>die Einschr\u00e4nkung ihrer Verarbeitung beantragen.\u00a0<\/li>\n\n\n\n<li>Entgegengesetzte Behandlung.<\/li>\n\n\n\n<li>Beantragen Sie Daten\u00fcbertragbarkeit.\u00a0<\/li>\n<\/ul>\n\n\n\n<p>Wenn Sie Ihre Einwilligung f\u00fcr einen bestimmten Zweck gegeben haben, haben Sie das Recht, Ihre Einwilligung jederzeit zu widerrufen, ohne dass die Rechtm\u00e4\u00dfigkeit der Verarbeitung, die auf Ihrer Einwilligung vor dem Widerruf beruht, ber\u00fchrt wird.<\/p>\n\n\n\n<p>Sollten Sie der Ansicht sein, dass Ihre Rechte in Bezug auf den Schutz Ihrer personenbezogenen Daten verletzt wurden, insbesondere wenn Sie bei der Aus\u00fcbung Ihrer Rechte keine Genugtuung erhalten haben, k\u00f6nnen Sie eine Beschwerde bei der Datenschutzaufsichtsbeh\u00f6rde einreichen. Zur Aus\u00fcbung dieser Rechte k\u00f6nnen Sie sich schriftlich an monterollanopablo@gmail.com wenden. Die Formulare k\u00f6nnen auch pers\u00f6nlich eingereicht oder per Brief an die oben genannten Kontaktadressen des f\u00fcr die Verarbeitung Verantwortlichen gesandt werden.<\/p>\n\n\n\n<p>Wenn Sie durch einen gesetzlichen Vertreter handeln, m\u00fcssen Sie auch Ihren Personalausweis und eine Bescheinigung \u00fcber die Vertretung durch den Vertreter vorlegen.<\/p>\n\n\n\n<p>In den F\u00e4llen, in denen der f\u00fcr die Verarbeitung Verantwortliche Zweifel an Ihrer Identit\u00e4t hat, ist die Vorlage einer Fotokopie Ihres Personalausweises oder eines gleichwertigen Dokuments erforderlich, das Ihre Identit\u00e4t belegt und als rechtsg\u00fcltig gilt.<\/p>\n\n\n\n<h2 class=\"wp-block-heading\">MITTEILUNG UND ERKL\u00c4RUNG VON VERST\u00d6SSEN<\/h2>\n\n\n\n<p>Pablo Montero Llano ergreift Sicherheitsma\u00dfnahmen, die dem Risiko angemessen sind, um personenbezogene Daten vor Verlust, Missbrauch und unbefugtem Zugriff, Offenlegung, \u00c4nderung und Zerst\u00f6rung zu sch\u00fctzen, wobei die mit der Verarbeitung verbundenen Risiken und die Art der personenbezogenen Daten ber\u00fccksichtigt werden; Sollte Pablo Montero Llano jedoch feststellen, dass die von ihm verarbeiteten personenbezogenen Daten unterschlagen wurden, einer Sicherheitsverletzung zum Opfer gefallen sind oder von einem Dritten unrechtm\u00e4\u00dfig erworben wurden, wird Pablo Montero Llano unter Ber\u00fccksichtigung der Bestimmungen der Datenschutz-Grundverordnung und der zust\u00e4ndigen Datenschutzbeh\u00f6rden unverz\u00fcglich handeln.<\/p>\n\n\n\n<h2 class=\"wp-block-heading\">AN WELCHE EMPF\u00c4NGER WERDEN IHRE DATEN WEITERGEGEBEN?<\/h2>\n\n\n\n<p>Zur Erf\u00fcllung bestimmter Aufgaben, die f\u00fcr die Aus\u00fcbung des Gesch\u00e4ftsbetriebs unbedingt erforderlich sind, kann Pablo Montero Llano Daten an verschiedene externe Dienstleister weitergeben, z. B. an Webentwicklungs- und -wartungs- oder Hosting-Unternehmen, Zahlungsabwicklungsdienste, Auftragsabwicklung, Verwaltung von Marketingkampagnen, Website-Verwaltung und E-Mail-Verteilung, Kurier- und Versandunternehmen, damit diese im Auftrag von Pablo Montero Llano Gesch\u00e4ftsfunktionen ausf\u00fchren k\u00f6nnen.<\/p>\n\n\n\n<p>Sie alle haben einen Dienstleistungsvertrag unterzeichnet, der sie dazu verpflichtet, das gleiche Ma\u00df an Privatsph\u00e4re zu wahren, das f\u00fcr die Verarbeitung auf dieser Website gem\u00e4\u00df den geltenden Datenschutzbestimmungen gilt.<\/p>\n\n\n\n<h2 class=\"wp-block-heading\">DATENGEHEIMNIS UND SICHERHEIT<\/h2>\n\n\n\n<p>Pablo Montero Llano verpflichtet sich, die pers\u00f6nlichen Daten des Nutzers unter Wahrung der Vertraulichkeit und entsprechend ihrer Zweckbestimmung zu verwenden und zu verarbeiten sowie seiner Verpflichtung zur Aufbewahrung der Daten nachzukommen und alle Ma\u00dfnahmen zu ergreifen, um ihre Ver\u00e4nderung, ihren Verlust, ihre Verarbeitung oder ihren unbefugten Zugriff gem\u00e4\u00df den Bestimmungen der geltenden Datenschutzgesetze zu verhindern.<\/p>\n\n\n\n<p>Pablo Montero Llano kann weder die absolute Unangreifbarkeit des Internets noch die Verletzung der Daten durch betr\u00fcgerischen Zugriff Dritter garantieren. In Bezug auf die Vertraulichkeit der Verarbeitung stellt Pablo Montero Llano sicher, dass alle Personen, die von Pablo Montero Llano zur Verarbeitung der Daten des Kunden erm\u00e4chtigt sind (einschlie\u00dflich seiner Mitarbeiter, Mitarbeiter und Dienstleister), einer angemessenen Vertraulichkeitsverpflichtung unterliegen (unabh\u00e4ngig davon, ob es sich um eine vertragliche oder gesetzliche Verpflichtung handelt).<\/p>\n\n\n\n<h2 class=\"wp-block-heading\">GENAUIGKEIT UND WAHRHAFTIGKEIT DER DATEN<\/h2>\n\n\n\n<p>Als Nutzer sind Sie allein f\u00fcr die Wahrhaftigkeit und Richtigkeit der Daten verantwortlich, die Sie uns \u00fcbermitteln, und entbinden Pablo Montero Llano von jeglicher Verantwortung in dieser Hinsicht. Die Nutzer garantieren und sind in jedem Fall f\u00fcr die Richtigkeit, G\u00fcltigkeit und Authentizit\u00e4t der \u00fcbermittelten personenbezogenen Daten verantwortlich und verpflichten sich, diese ordnungsgem\u00e4\u00df auf dem neuesten Stand zu halten.<\/p>\n\n\n\n<h2 class=\"wp-block-heading\">PERSONENBEZOGENE DATEN VON DRITTEN<\/h2>\n\n\n\n<p>F\u00fcr den Fall, dass die zur Verf\u00fcgung gestellten pers\u00f6nlichen Daten einem Dritten geh\u00f6ren, garantieren Sie als Nutzer, dass Sie diesen Dritten \u00fcber die vorliegende Datenschutzpolitik informiert haben und dessen Erlaubnis eingeholt haben, seine Daten zu den oben genannten Zwecken an Pablo Montero Llano weiterzugeben. Ebenso garantieren Sie, dass die zur Verf\u00fcgung gestellten Daten korrekt und auf dem neuesten Stand sind, wobei Sie f\u00fcr jeden direkten oder indirekten Schaden verantwortlich sind, der als Folge der Nichterf\u00fcllung dieser Verpflichtung entstehen kann.<\/p>\n\n\n\n<h2 class=\"wp-block-heading\">\u00c4NDERUNGEN AN DER DATENSCHUTZPOLITIK<\/h2>\n\n\n\n<p>Pablo Montero Llano beh\u00e4lt sich das Recht vor, diese Politik zu \u00e4ndern, um sie an neue Gesetzgebung oder Rechtsprechung sowie an Branchenpraktiken anzupassen. In solchen F\u00e4llen werden die eingef\u00fchrten \u00c4nderungen mit einer angemessenen Vorank\u00fcndigung auf dieser Seite bekannt gegeben, bevor sie in die Praxis umgesetzt werden.<\/p>\n\n\n\n<h2 class=\"wp-block-heading\">ZUS\u00c4TZLICHE INFORMATIONEN ZUM DATENSCHUTZ<\/h2>\n\n\n\n<p>Wenn Sie zus\u00e4tzliche Informationen zum Datenschutz ben\u00f6tigen, k\u00f6nnen Sie uns eine E-Mail an monterollanopablo@gmail.com schicken. Je nach Art der Beziehung, die Sie mit uns haben, und der Verarbeitung personenbezogener Daten, die wir vornehmen, werden wir Ihnen die entsprechenden zus\u00e4tzlichen Informationen zur Verf\u00fcgung stellen.<\/p>\n<\/div><\/div>\n\n<\/div><\/div>","protected":false},"excerpt":{"rendered":"<p>In dieser Richtlinie wird dargelegt, wie wir die pers\u00f6nlichen Daten aller Personen, die \u00fcber diese Website mit Pablo Montero Llano in Kontakt treten, behandeln und sch\u00fctzen werden. Sie sollten alle Abschnitte des rechtlichen Hinweises, die Cookie-Richtlinie, falls zutreffend, und diese Datenschutzrichtlinie lesen, bevor Sie diese Website nutzen. In \u00dcbereinstimmung mit den Bestimmungen der Verordnung (EU)&#8230;<\/p>\n","protected":false},"author":1,"featured_media":0,"parent":0,"menu_order":0,"comment_status":"closed","ping_status":"closed","template":"","meta":{"_kad_blocks_custom_css":"","_kad_blocks_head_custom_js":"","_kad_blocks_body_custom_js":"","_kad_blocks_footer_custom_js":"","_kad_post_transparent":"","_kad_post_title":"show","_kad_post_layout":"normal","_kad_post_sidebar_id":"","_kad_post_content_style":"","_kad_post_vertical_padding":"","_kad_post_feature":"","_kad_post_feature_position":"","_kad_post_header":false,"_kad_post_footer":false,"_kad_post_classname":"","footnotes":""},"class_list":["post-663","page","type-page","status-publish","hentry"],"taxonomy_info":[],"featured_image_src_large":false,"author_info":{"display_name":"admin","author_link":"https:\/\/pablomonterollano.com\/de\/author\/empiezapori\/"},"comment_info":0,"_links":{"self":[{"href":"https:\/\/pablomonterollano.com\/de\/wp-json\/wp\/v2\/pages\/663","targetHints":{"allow":["GET"]}}],"collection":[{"href":"https:\/\/pablomonterollano.com\/de\/wp-json\/wp\/v2\/pages"}],"about":[{"href":"https:\/\/pablomonterollano.com\/de\/wp-json\/wp\/v2\/types\/page"}],"author":[{"embeddable":true,"href":"https:\/\/pablomonterollano.com\/de\/wp-json\/wp\/v2\/users\/1"}],"replies":[{"embeddable":true,"href":"https:\/\/pablomonterollano.com\/de\/wp-json\/wp\/v2\/comments?post=663"}],"version-history":[{"count":3,"href":"https:\/\/pablomonterollano.com\/de\/wp-json\/wp\/v2\/pages\/663\/revisions"}],"predecessor-version":[{"id":922,"href":"https:\/\/pablomonterollano.com\/de\/wp-json\/wp\/v2\/pages\/663\/revisions\/922"}],"wp:attachment":[{"href":"https:\/\/pablomonterollano.com\/de\/wp-json\/wp\/v2\/media?parent=663"}],"curies":[{"name":"wp","href":"https:\/\/api.w.org\/{rel}","templated":true}]}}